{"id":40,"date":"2022-06-15T07:28:50","date_gmt":"2022-06-15T05:28:50","guid":{"rendered":"https:\/\/fluxfluor.com\/se\/?page_id=40"},"modified":"2025-03-05T11:51:36","modified_gmt":"2025-03-05T10:51:36","slug":"fragor-svar","status":"publish","type":"page","link":"https:\/\/fluxfluor.com\/se\/fragor-svar\/","title":{"rendered":"Fr\u00e5gor &#038; Svar"},"content":{"rendered":"\n<div class=\"wp-block-karopharma-free-text pt-small pb-small bg-center bg-cover bg-no-repeat  is-style-secondary\" style=\"background-image:url()\"><div class=\"free-text-wrapper container max-w-small text-center\">\n<figure class=\"wp-block-image aligncenter size-full is-style-rounded\"><img loading=\"lazy\" decoding=\"async\" width=\"313\" height=\"313\" src=\"https:\/\/fluxfluor.com\/app\/uploads\/sites\/2\/2022\/06\/perry-karlsson.jpg\" alt=\"Perry Karlsson\" class=\"wp-image-144\" srcset=\"https:\/\/fluxfluor.com\/app\/uploads\/sites\/2\/2022\/06\/perry-karlsson.jpg 313w, https:\/\/fluxfluor.com\/app\/uploads\/sites\/2\/2022\/06\/perry-karlsson-150x150.jpg 150w, https:\/\/fluxfluor.com\/app\/uploads\/sites\/2\/2022\/06\/perry-karlsson-300x300.jpg 300w, https:\/\/fluxfluor.com\/app\/uploads\/sites\/2\/2022\/06\/perry-karlsson-100x100.jpg 100w\" sizes=\"auto, (max-width: 313px) 100vw, 313px\" \/><\/figure>\n\n\n\n<h1 class=\"wp-block-heading is-style-heading-h2\">Fr\u00e5ga tandl\u00e4karen<\/h1>\n\n\n\n<p class=\"is-style-paragraph-body-text\">Leg. tandl\u00e4kare Perry Karlsson driver kliniken Tandl\u00e4karhuset Bromma som ligger just utanf\u00f6r Stockholm. Tandl\u00e4karhuset Bromma har en bred och djup kompetens bland annat inom allm\u00e4n- och barntandv\u00e5rd, estetisk tandv\u00e5rd, snarkutredningar och implantatbehandlingar.<\/p>\n<\/div><\/div>\n\n\n\n<div class=\"wp-block-karopharma-accordions\"><div class=\"container\">\n<details class=\"wp-block-karopharma-accordion\"><summary><h2 class=\"accordion-title\">Erosionsskador<\/h2><\/summary><div class=\"accordion-content\">\n<p class=\"is-style-paragraph-body-text\"><strong>Jag har f\u00e5tt erosionsskador p\u00e5 mina t\u00e4nder, framt\u00e4nderna \u00e4r extra utsatta. Jag m\u00e5r d\u00e5ligt \u00f6ver detta och enligt tandl\u00e4karen s\u00e5 kan man s\u00e4tta porslinsskal p\u00e5 t\u00e4nderna. \u00c4r det sm\u00e4rtsamt? \u00c4r det j\u00e4ttedyrt? H\u00e5ller det hela livet eller m\u00e5ste man byta ut det efter ett antal \u00e5r?<\/strong><\/p>\n\n\n\n<p>Porslinsfasader\/skalkronor \u00e4r ett fantastiskt s\u00e4tt att ers\u00e4tta f\u00f6rlorad tandsubstans p\u00e5 ett lindrigt s\u00e4tt f\u00f6r tanden. Man m\u00e5ste helt enkelt inte borra bort s\u00e5 mycket. Att laga med skalkronor kan g\u00f6ra ont och kan beh\u00f6va bed\u00f6vas. Tekniken \u00e4r sv\u00e5r och kr\u00e4ver r\u00e4tt handlag fr\u00e5n b\u00e5de tandl\u00e4kare och tandtekniker varf\u00f6r den ofta blir dyrare \u00e4n med \u201cvanliga\u201d kronor.<\/p>\n<\/div><\/details>\n\n\n\n<details class=\"wp-block-karopharma-accordion\"><summary><h2 class=\"accordion-title\">Titanskruvar<\/h2><\/summary><div class=\"accordion-content\">\n<p class=\"is-style-paragraph-body-text\"><strong>Jag har tv\u00e5 titanskruvar (Br\u00e5nemark system) i munnen och undrar \u00f6ver hur l\u00e4nge de h\u00e5ller. H\u00e4romdagen sa en bekant att hon f\u00e5tt informationen att de bara h\u00e5ller tio-tolv \u00e5r. Mina har suttit i snart femton. Annan fr\u00e5ga: om jag saknar sex permanenta t\u00e4nder, hur stor \u00e4r risken att mina barn \u00e4rver detta fenomen, att sakna t\u00e4nder?<\/strong><\/p>\n\n\n\n<p>Titanskruvar kan sitta hela livet och om dina ser bra ut nu tror jag att de kommer g\u00f6ra det. Betr\u00e4ffande \u00e4rftligheten s\u00e5 \u00e4r den p\u00e5taglig vid vad vi s\u00e4ger aplasier (avsaknad av t\u00e4nder). Eftersom jag inte vet grunden f\u00f6r dina aplasier s\u00e5 kan jag inte uttala mig om prevalensen (f\u00f6rekomsten).<\/p>\n<\/div><\/details>\n\n\n\n<details class=\"wp-block-karopharma-accordion\"><summary><h2 class=\"accordion-title\">Dra ut eller laga visdomst\u00e4nder som vuxen?<\/h2><\/summary><div class=\"accordion-content\">\n<p class=\"is-style-paragraph-body-text has-black-color has-text-color\"><strong>Jag har b\u00f6rjan till karies p\u00e5 h\u00f6ger nederk\u00e4kens visdomstand. Har h\u00f6rt att efter 25 \u00e5rs \u00e5lder kan det vara besv\u00e4rligt att dra visdomst\u00e4nder d\u00e5 de efter den \u00e5ldern sitter h\u00e5rt i k\u00e4kbenet. G\u00e5r det oftast att \u201claga\u201d s\u00e5dana kariesangrepp om man g\u00e5r p\u00e5 regelbundna bes\u00f6k hos sin tandl\u00e4kare f\u00f6r kontroll, eller m\u00e5ste man oftast dra ut dem? Om man drar dem, st\u00e4mmer det att det oftast d\u00e5 \u00e4r problematiskt och hur l\u00e5ng tid\/vilken procedur brukar det vara?<\/strong><\/p>\n\n\n\n<p>Om visdomstanden g\u00e5r att laga och om den sitter bra tycker jag att man ska laga den. \u00c4r olyckan framme och den m\u00e5ste elimineras kan den, om det \u00e4r i underk\u00e4ken, besv\u00e4ra efter uttagning upp till 14 dagar, men de flesta f\u00e5r lite ont n\u00e5gon dag efter.<\/p>\n<\/div><\/details>\n\n\n\n<details class=\"wp-block-karopharma-accordion\"><summary><h2 class=\"accordion-title\">Ilande rotfylld tand<\/h2><\/summary><div class=\"accordion-content\">\n<p class=\"is-style-paragraph-body-text\"><strong>Jag har en tand som \u00e4r rotfylld sedan ca 12 \u00e5r tillbaka och som har b\u00f6rjat ila till och fr\u00e5n. Vad m\u00e5ste man g\u00f6ra \u00e5t det?<\/strong><\/p>\n\n\n\n<p>Ilande t\u00e4nder \u00e4r tecken p\u00e5 att tanden lever vilket inte \u00e4r fallet om tanden \u00e4r rotfylld. Det kan vara \u201cgrannen\u201d du k\u00e4nner av. R\u00e5der dig att g\u00e5 till tandl\u00e4karen.<\/p>\n<\/div><\/details>\n\n\n\n<details class=\"wp-block-karopharma-accordion\"><summary><h2 class=\"accordion-title\">Gulnad framtand samt svarta fl\u00e4ckar p\u00e5 t\u00e4nderna<\/h2><\/summary><div class=\"accordion-content\">\n<p class=\"is-style-paragraph-body-text\"><strong>Min tv\u00e5\u00e5ring ramlade framl\u00e4nges i h\u00e5rt golv vid 6 m\u00e5naders \u00e5lder och slog i ansiktet och munnen. Nu har hans ena framtand blivit gulnad. Kan det bero p\u00e5 fallet? \u00c4r den p\u00e5 v\u00e4g att \u201cd\u00f6\u201d? Sedan har han \u00e4ven sm\u00e5 svarta fl\u00e4ckar p\u00e5 n\u00e5gra t\u00e4nder (b\u00e5de ut- och insida). Han dricker v\u00e4lling p\u00e5 natten \u2013 kan det vara orsak till fl\u00e4ckarna? Han \u00e4r h\u00e4ngiven sin napp som vi f\u00f6rs\u00f6ker trappa ner p\u00e5 nu. Vi har varit hos tandl\u00e4kare i h\u00f6stas som sa att det inte g\u00e5r att g\u00f6ra n\u00e5got \u00e5t fl\u00e4ckarna men att det var inte karies. Vi ska p\u00e5 ordinarie kontroll i h\u00f6st. Vad beror fl\u00e4ckarna p\u00e5 och tycker du att vi beh\u00f6ver kolla tidigare \u00e4n i h\u00f6st?<\/strong><\/p>\n\n\n\n<p>Ja det beror troligen p\u00e5 fallet, kontakta tandl\u00e4kare f\u00f6r kontroll. Fl\u00e4ckarna \u00e4r s\u00e4kert n\u00e5gon form av missf\u00e4rgning av emaljen och eftersom tandl\u00e4kare kikat s\u00e5 tror jag det inte \u00e4r n\u00e5gon fara. T\u00e4nk ocks\u00e5 p\u00e5 att det \u00e4r mj\u00f6lkt\u00e4nder. Jag tycker inte ni beh\u00f6ver kolla just det, men dock framtanden.<\/p>\n<\/div><\/details>\n\n\n\n<details class=\"wp-block-karopharma-accordion\"><summary><h2 class=\"accordion-title\">EDS och t\u00e4nder<\/h2><\/summary><div class=\"accordion-content\">\n<p class=\"is-style-paragraph-body-text\"><strong>\u00c4r det n\u00e5got speciellt man b\u00f6r t\u00e4nka p\u00e5 hos barn som har Ehlers Danlos Syndrom n\u00e4r det g\u00e4ller tandv\u00e5rd? \u00c4r emaljen s\u00e4mre, har de l\u00e4ttare att f\u00e5 h\u00e5l i t\u00e4nderna osv?<\/strong><\/p>\n\n\n\n<p>Generellt finns inga klara regler hur denna bindv\u00e4vssjukdom som kan p\u00e5verka leder och k\u00e4rl ska behandlas hos tandl\u00e4kare. Mitt r\u00e5d \u00e4r att kontakta riksf\u00f6rbundet f\u00f6r EDS s\u00e5 att man kommer till en tandl\u00e4kare med erfarenhet av behandling EDS-patienter.<\/p>\n<\/div><\/details>\n\n\n\n<details class=\"wp-block-karopharma-accordion\"><summary><h2 class=\"accordion-title\">Gnissla t\u00e4nder<\/h2><\/summary><div class=\"accordion-content\">\n<p class=\"is-style-paragraph-body-text\"><strong>Min son p\u00e5 2,5 \u00e5r gnisslar t\u00e4nder p\u00e5 natten n\u00e5got fruktansv\u00e4rt. Det liksom \u201csm\u00e4ller\u201d och l\u00e5ter s\u00e5 h\u00f6gt s\u00e5 att jag emellan\u00e5t vaknar av ljudet. Jag undrar om det kan leda till problem senare och om det finns n\u00e5got man kan g\u00f6ra?<\/strong><\/p>\n\n\n\n<p>Det \u00e4r oftast helt naturligt fenomen eftersom barnet v\u00e4xer och \u201cst\u00e4ller in\u201d \u00f6verk\u00e4ken mot underk\u00e4ken s\u00e5 att de passar mot varandra. Detta \u00f6kar oftast igen n\u00e4r barnet byter t\u00e4nder och d\u00e5 av samma sk\u00e4l, i 6-15 \u00e5rs \u00e5lder. Senare i livet n\u00e4r man \u00e4r f\u00e4rdigv\u00e4xt kan bettskena vara en produkt att anv\u00e4nda sig av som skydd f\u00f6r att inte bita s\u00f6nder sina t\u00e4nder.<\/p>\n<\/div><\/details>\n\n\n\n<details class=\"wp-block-karopharma-accordion\"><summary><h2 class=\"accordion-title\">Saknas t\u00e4nder?<\/h2><\/summary><div class=\"accordion-content\">\n<p class=\"is-style-paragraph-body-text\"><strong>Jag har en son som \u00e4r 1,5 \u00e5r och hittills har t\u00e4nderna kommit som de ska. Jag sj\u00e4lv saknar 7 permanenta t\u00e4nder (flera i min familj saknar ocks\u00e5 t\u00e4nder) och jag undrar hur stor risk du tror det \u00e4r att min son saknar t\u00e4nder? (Sonens far har alla t\u00e4nder.) N\u00e4r b\u00f6r man kolla upp detta (r\u00f6ntga)? Jag transplanterade visdomst\u00e4nder runt om i munnen, \u00e4r det n\u00e5got man g\u00f6r nu med eller g\u00f6r man p\u00e5 n\u00e5got annat s\u00e4tt nuf\u00f6rtiden ifall det skulle bli aktuellt f\u00f6r min sons del?<\/strong><\/p>\n\n\n\n<p>Det finns en stor \u00e4rftlighet i detta men inte s\u00e5 att vi med s\u00e4kerhet kan s\u00e4ga att din son kommer att sakna anlag, vilket l\u00e4tt kan kontrolleras med r\u00f6ntgen. Man kan inte g\u00f6ra n\u00e5got nu utan f\u00e5r v\u00e4nta och se. Idag anv\u00e4nder man sig av inplantat i f\u00f6rsta hand som ers\u00e4ttning om m\u00f6jlighet bjuds. Transplantera visdomst\u00e4nder \u00e4r mer ovanligt och ett s\u00e4tt \u00e4r att om han har alla mj\u00f6lkt\u00e4nder spara dem s\u00e5 l\u00e4nge som m\u00f6jligt.<\/p>\n<\/div><\/details>\n\n\n\n<details class=\"wp-block-karopharma-accordion\"><summary><h2 class=\"accordion-title\">Mj\u00f6lk<\/h2><\/summary><div class=\"accordion-content\">\n<p class=\"is-style-paragraph-body-text\"><strong>Vi borstar t\u00e4nderna tv\u00e5 g\u00e5nger om dagen p\u00e5 v\u00e5r tre\u00e5riga son, men han vill ofta ha mj\u00f6lk att dricka n\u00e4r han g\u00e5tt och lagt sig. Hur skadligt \u00e4r det f\u00f6r t\u00e4nderna?<\/strong><\/p>\n\n\n\n<p>Mj\u00f6lksocker kan vara skadligt f\u00f6r t\u00e4nderna, men allt beror ju p\u00e5 frekvens och m\u00e4ngd. Jag skulle dock str\u00e4va efter att byta till vanligt vatten.<\/p>\n<\/div><\/details>\n<\/div><\/div>\n\n\n\n<div class=\"wp-block-karopharma-free-text pt-small pb-small bg-center bg-cover bg-no-repeat  is-style-secondary\" style=\"background-image:url()\"><div class=\"free-text-wrapper container max-w-small text-center\">\n<figure class=\"wp-block-image aligncenter size-full is-style-rounded\"><img loading=\"lazy\" decoding=\"async\" width=\"313\" height=\"313\" src=\"https:\/\/fluxfluor.com\/app\/uploads\/sites\/2\/2022\/06\/Anna_Karin.jpeg\" alt=\"Anna-Karin Karlsson\" class=\"wp-image-143\" srcset=\"https:\/\/fluxfluor.com\/app\/uploads\/sites\/2\/2022\/06\/Anna_Karin.jpeg 313w, https:\/\/fluxfluor.com\/app\/uploads\/sites\/2\/2022\/06\/Anna_Karin-150x150.jpeg 150w, https:\/\/fluxfluor.com\/app\/uploads\/sites\/2\/2022\/06\/Anna_Karin-300x300.jpeg 300w, https:\/\/fluxfluor.com\/app\/uploads\/sites\/2\/2022\/06\/Anna_Karin-100x100.jpeg 100w\" sizes=\"auto, (max-width: 313px) 100vw, 313px\" \/><\/figure>\n\n\n\n<h2 class=\"wp-block-heading is-style-heading-h2\">Fr\u00e5ga Tandhygienisten<\/h2>\n\n\n\n<p class=\"is-style-paragraph-body-text\">Leg. Tandhygienist Anna-Karin Karlsson jobbar som tandhygienist p\u00e5 Tandl\u00e4karhuset Bromma. H\u00e4r svarar hon p\u00e5 sp\u00e4nnande fr\u00e5gor om hur man p\u00e5 b\u00e4sta s\u00e4tter f\u00f6rbereder sitt barn att g\u00e5 till tandl\u00e4karen, hur man p\u00e5 b\u00e4sta s\u00e4ttet tar hand om sina t\u00e4nder samt fr\u00e5gest\u00e4llningar kring en torr mun.<\/p>\n<\/div><\/div>\n\n\n\n<div class=\"wp-block-karopharma-free-text pt-medium pb-none bg-center bg-cover bg-no-repeat  is-style-transparent\" style=\"background-image:url()\"><div class=\"free-text-wrapper container max-w-small text-center\">\n<h3 class=\"wp-block-heading is-style-heading-h3\">Fr\u00e5gor och svar om munv\u00e5rd<\/h3>\n<\/div><\/div>\n\n\n\n<div class=\"wp-block-karopharma-accordions is-style-transparent\"><div class=\"container\">\n<details class=\"wp-block-karopharma-accordion\"><summary><h2 class=\"accordion-title\">Har du n\u00e5got tips om egenv\u00e5rd mot torr mun inte hj\u00e4lper?<\/h2><\/summary><div class=\"accordion-content\">\n<p>Blir dina besv\u00e4r med muntorrhet inte b\u00e4ttre genom egenv\u00e5rd kan du prata med din tandl\u00e4kare eller tandhygienist som kan f\u00f6resl\u00e5 l\u00e4mpliga \u00e5tg\u00e4rder. D\u00e5 m\u00e5nga l\u00e4kemedel har muntorrhet som biverkning kan det ocks\u00e5 vara bra att g\u00e5 igenom dina mediciner med din l\u00e4kare. I vissa fall kan mediciner bytas ut.<\/p>\n<\/div><\/details>\n\n\n\n<details class=\"wp-block-karopharma-accordion\"><summary><h2 class=\"accordion-title\">Har du n\u00e5gra bra tips f\u00f6r behandling av torr mun?<\/h2><\/summary><div class=\"accordion-content\">\n<p>Att tugga tuggummi \u00f6kar m\u00e4ngden saliv i munnen. T\u00e4nk p\u00e5 att v\u00e4lja ett sockerfritt tuggummi som \u00e4ven inneh\u00e5ller fluorid. P\u00e5 det viset st\u00e4rker du samtidigt t\u00e4nderna. P\u00e5 apoteket finns ocks\u00e5 receptfria l\u00e4kemedel mot muntorrhet och salivstimulerande sugtabletter med fluorid.<\/p>\n\n\n\n<p><strong>Tips!<\/strong> <em>Flux Drops<\/em> \u00e4r en l\u00e4skande h\u00e5rd sugtablett med vinsyra och fluorid (0,05 mg F\/tablett) som varar l\u00e4nge. Den \u00e4r sockerfri och finns i tre goda smaker: jordgubb-rabarber, krusb\u00e4r samt det senaste tillskottet lakrits-honung.<\/p>\n<\/div><\/details>\n\n\n\n<details class=\"wp-block-karopharma-accordion\"><summary><h2 class=\"accordion-title\">Varf\u00f6r drabbas man av torr mun?<\/h2><\/summary><div class=\"accordion-content\">\n<p>Muntorrhet kan bero p\u00e5 l\u00e4kemedel, sjukdomar, stress, \u00f6kad \u00e5lder eller f\u00f6r lite kost som stimulerar saliven. Drick mycket vatten och v\u00e4lj livsmedel som ger tuggmotst\u00e5nd, till exempel r\u00e5a gr\u00f6nsaker, f\u00e4rsk frukt och h\u00e5rt br\u00f6d. Mor\u00f6tter och \u00e4pplen \u00e4r extra bra alternativ, tycker jag. P\u00e5 det s\u00e4ttet fr\u00e4mjar du salivproduktionen utan att \u00e4ta onyttigt.<\/p>\n\n\n\n<figure class=\"wp-block-image size-full is-resized\"><a href=\"https:\/\/fluxfluor.com\/se\/produkt\/flux-dry-mouth-gel\/\"><img loading=\"lazy\" decoding=\"async\" width=\"800\" height=\"800\" src=\"https:\/\/fluxfluor.com\/app\/uploads\/sites\/2\/2022\/06\/Flux_Dry_Mouth_Gel.png\" alt=\"Flux Dry Mouth Gel\" class=\"wp-image-260\" style=\"width:200px;height:200px\" srcset=\"https:\/\/fluxfluor.com\/app\/uploads\/sites\/2\/2022\/06\/Flux_Dry_Mouth_Gel.png 800w, https:\/\/fluxfluor.com\/app\/uploads\/sites\/2\/2022\/06\/Flux_Dry_Mouth_Gel-320x320.png 320w, https:\/\/fluxfluor.com\/app\/uploads\/sites\/2\/2022\/06\/Flux_Dry_Mouth_Gel-150x150.png 150w, https:\/\/fluxfluor.com\/app\/uploads\/sites\/2\/2022\/06\/Flux_Dry_Mouth_Gel-768x768.png 768w, https:\/\/fluxfluor.com\/app\/uploads\/sites\/2\/2022\/06\/Flux_Dry_Mouth_Gel-300x300.png 300w, https:\/\/fluxfluor.com\/app\/uploads\/sites\/2\/2022\/06\/Flux_Dry_Mouth_Gel-600x600.png 600w, https:\/\/fluxfluor.com\/app\/uploads\/sites\/2\/2022\/06\/Flux_Dry_Mouth_Gel-100x100.png 100w\" sizes=\"auto, (max-width: 800px) 100vw, 800px\" \/><\/a><\/figure>\n\n\n\n<p><strong>Tips! <\/strong>K\u00e4nner du dig torr i munnen under dagen eller natten? <em>Flux Dry Mouth Gel<\/em> inneh\u00e5ller ingredienser som stimulerar salivproduktionen, sm\u00f6rjer och \u00e5terfuktar slemhinnan samt skyddar mot h\u00e5l i t\u00e4nderna (inneh\u00e5ller fluor, 1000 ppm). Produkten har en mild smak av jordgubb\/mint. Genom sin praktiska doseringspump \u00e4r den l\u00e4tt att ha tillhands i v\u00e4skan, p\u00e5 jobbet och nattduksbordet.<\/p>\n<\/div><\/details>\n\n\n\n<details class=\"wp-block-karopharma-accordion\"><summary><h2 class=\"accordion-title\">Vad har du f\u00f6r tips p\u00e5 bra tandv\u00e5rdsrutiner vid en torr mun?<\/h2><\/summary><div class=\"accordion-content\">\n<p>Vid muntorrhet drabbas man l\u00e4ttare av karies och d\u00e4rf\u00f6r \u00e4r det viktigt med goda tandv\u00e5rdsrutiner. Borsta t\u00e4nderna morgon och kv\u00e4ll med fluortandkr\u00e4m. Borsta en tand i taget med l\u00e4tta r\u00f6relser. Anv\u00e4nd tandtr\u00e5d, tandtr\u00e5dsbygel eller mellanrumsborste f\u00f6r att komma \u00e5t bel\u00e4ggningar mellan t\u00e4nderna. Avsluta med ett fluoridsk\u00f6lj specifikt utvecklat f\u00f6r torr mun.<\/p>\n\n\n\n<figure class=\"wp-block-image size-full is-resized\"><img loading=\"lazy\" decoding=\"async\" width=\"800\" height=\"800\" src=\"https:\/\/fluxfluor.com\/app\/uploads\/sites\/2\/2022\/06\/SV_Dry_Mouth.png\" alt=\"Flux Dry Mouth Rinse\" class=\"wp-image-1199\" style=\"object-fit:cover;width:200px;height:200px\" srcset=\"https:\/\/fluxfluor.com\/app\/uploads\/sites\/2\/2022\/06\/SV_Dry_Mouth.png 800w, https:\/\/fluxfluor.com\/app\/uploads\/sites\/2\/2022\/06\/SV_Dry_Mouth-320x320.png 320w, https:\/\/fluxfluor.com\/app\/uploads\/sites\/2\/2022\/06\/SV_Dry_Mouth-150x150.png 150w, https:\/\/fluxfluor.com\/app\/uploads\/sites\/2\/2022\/06\/SV_Dry_Mouth-768x768.png 768w, https:\/\/fluxfluor.com\/app\/uploads\/sites\/2\/2022\/06\/SV_Dry_Mouth-300x300.png 300w, https:\/\/fluxfluor.com\/app\/uploads\/sites\/2\/2022\/06\/SV_Dry_Mouth-600x600.png 600w, https:\/\/fluxfluor.com\/app\/uploads\/sites\/2\/2022\/06\/SV_Dry_Mouth-100x100.png 100w\" sizes=\"auto, (max-width: 800px) 100vw, 800px\" \/><\/figure>\n\n\n\n<p><strong>Tips! <\/strong><a href=\"https:\/\/fluxfluor.com\/se\/produkt\/flux-dry-mouth-rinse\/\">Flux Dry Mouth Rinse <\/a>\u00e4r ett munsk\u00f6lj som stimulerar salivproduktionen n\u00e4r man k\u00e4nner sig torr i munnen. Den \u00e5terfuktar och sm\u00f6rjer slemhinnan och f\u00f6rebygger \u00e4ven h\u00e5l i t\u00e4nderna genom sin h\u00f6ga fluorhalt (0,2% NaF). Produkten har en mjuk mild smak av jordgubb\/mint. Flux Dry Mouth Rinse har en h\u00f6gre viskositet (tjockhet) \u00e4n traditionella munsk\u00f6lj och l\u00e4mnar en behaglig och len k\u00e4nsla i munnen efter sk\u00f6ljning. Flaskan har en praktisk doseringspump som ger en exakt dosering varje g\u00e5ng.<\/p>\n<\/div><\/details>\n\n\n\n<details class=\"wp-block-karopharma-accordion\"><summary><h2 class=\"accordion-title\">Hur tar jag b\u00e4st hand om mina t\u00e4nder?<\/h2><\/summary><div class=\"accordion-content\">\n<p>Om du f\u00f6r enligt punkt 1-5 nedan, d\u00e5 har du gjort alla r\u00e4tt f\u00f6r att p\u00e5 b\u00e4sta s\u00e4ttet ta hand om dina t\u00e4nder s\u00e5 de h\u00e5ller hela livet:<\/p>\n\n\n\n<ol class=\"wp-block-list is-style-default\">\n<li>Det h\u00e4nder p\u00e5 siffran 2! Borsta t\u00e4nderna i tv\u00e5 minuter, tv\u00e5 g\u00e5nger om dagen, med tv\u00e5 centimeter fluortandkr\u00e4m. Anv\u00e4nd l\u00e4tta r\u00f6relser, tryck inte. Byt tandborste ofta, \u00e4ven om du anv\u00e4nder eltandborste. Slitna borststr\u00e5n reng\u00f6r inte lika effektivt. Anv\u00e4nd en fluortandk\u00e4rm med 1450 ppm F.<\/li>\n\n\n\n<li>Reng\u00f6r mellan t\u00e4nderna med tandtr\u00e5d eller mellanrumsborste en g\u00e5ng om dagen. T\u00e4nk p\u00e5 att g\u00f6ra det innan du borstar t\u00e4nderna. D\u00e5 f\u00f6ljer skr\u00e4p och matrester med ut och fluoret fr\u00e5n tandkr\u00e4m och eller fluoridsk\u00f6lj kommer \u00e5t de rengjorda ytorna b\u00e4ttre.<\/li>\n\n\n\n<li>Dina t\u00e4nder klarar av huvudm\u00e5ltider som frukost, lunch och middag samt ett par mellanm\u00e5l. Men undvik att sm\u00e5\u00e4ta d\u00e4remellan. Tugga g\u00e4rna tuggummi efter m\u00e5ltiderna. Det stimulerar salivsekretionen och buffrar surt pH. Ett tuggummi som inneh\u00e5ller fluorid och xylitol rekommenderas, tex Flux Tuggummi.<\/li>\n\n\n\n<li>Gurgla inte munnen med vatten efter att du borstat t\u00e4nderna, men fluoridsk\u00f6lj g\u00e5r givetvis bra. V\u00e4nta g\u00e4rna 1-2 timmar innan du \u00e4ter eller dricker. Fluoret beh\u00f6ver tid att verka f\u00f6r att ha skyddande effekt.<\/li>\n<\/ol>\n\n\n\n<p>Kom ih\u00e5g att bes\u00f6ka din tandl\u00e4kare och din tandhygienist regelbundet. P\u00e5 det viset uppt\u00e4cks problem med t\u00e4nder och tandk\u00f6tt i tid. Bl\u00f6der det mycket fr\u00e5n tandk\u00f6ttet trots att du \u00e4r noggrann med reng\u00f6ringen? D\u00e5 \u00e4r det dags att g\u00e5 till tandhygienisten.<\/p>\n<\/div><\/details>\n\n\n\n<details class=\"wp-block-karopharma-accordion\"><summary><h2 class=\"accordion-title\">Tandst\u00e4llning som vuxen?<\/h2><\/summary><div class=\"accordion-content\">\n<p class=\"is-style-paragraph-body-text\"><strong>Jag undrar om man kan ha tandst\u00e4llning som vuxen? Jag tycker sj\u00e4lv att jag har ett stort \u00f6verbett som inte \u00e4r snyggt, \u00e4r snart 34 \u00e5r. Vad kostar det och hur g\u00f6r man?<\/strong><\/p>\n\n\n\n<p>Tandreglering kan utf\u00f6ras n\u00e4r som helst i livet, b\u00e4st \u00e4r att kontakta din tandl\u00e4kare och be om en konsultation hos n\u00e5gon tandreglerare. Kostnaden g\u00e5r inte att sia om utan att se dig.<\/p>\n<\/div><\/details>\n\n\n\n<details class=\"wp-block-karopharma-accordion\"><summary><h2 class=\"accordion-title\">Bleka plastinl\u00e4gg<\/h2><\/summary><div class=\"accordion-content\">\n<p class=\"is-style-paragraph-body-text\"><strong>Jag har sedan flera \u00e5r \u201cplastinl\u00e4gg\u201d f\u00f6r att d\u00f6lja ett stort mellanrum mellan framt\u00e4nderna. Nu undrar jag vad som h\u00e4nder om jag bleker mina t\u00e4nder? Kommer plasten att blekas p\u00e5 samma s\u00e4tt som t\u00e4nderna eller beh\u00e5ller den sin ursprungliga f\u00e4rg? Mina t\u00e4nder ser n\u00e4stan lite genomskinliga ut. Har h\u00f6rt att tandl\u00e4karna inte g\u00e4rna bleker s\u00e5dana t\u00e4nder, st\u00e4mmer det?<\/strong><\/p>\n\n\n\n<p>Plasten bleks inte och beh\u00f6ver troligen g\u00f6ras om. Ja genomskinliga t\u00e4nder kan ge ett gr\u00e5are intryck efter blekning och d\u00e5 har man ju skjutit \u00f6ver m\u00e5let.<\/p>\n<\/div><\/details>\n\n\n\n<details class=\"wp-block-karopharma-accordion\"><summary><h2 class=\"accordion-title\">Tandk\u00f6tt<\/h2><\/summary><div class=\"accordion-content\">\n<p class=\"is-style-paragraph-body-text\"><strong>Det bl\u00f6der j\u00e4ttemycket fr\u00e5n mitt tandk\u00f6tt varje g\u00e5ng jag borstar t\u00e4nderna, vad ska jag g\u00f6ra?<\/strong><\/p>\n\n\n\n<p>Bl\u00f6dning \u00e4r oftast beroende av att man inte har sk\u00f6tt sitt tandtr\u00e5dande eller mellanrumsreng\u00f6ring p\u00e5 ett korrekt s\u00e4tt. Bl\u00f6dningen \u00e4r beroende av m\u00e4ngden bakterier och tandsten i munh\u00e5lan och det tas allra b\u00e4st bort med mekanisk reng\u00f6ring. Det \u00e4r d\u00e4rf\u00f6r vi tandl\u00e4kare tjatar om tandtr\u00e5d osv. Gravida ska om m\u00f6jligt vara \u00e4nnu mer noggranna eftersom hormonomst\u00e4llningen g\u00f6r att slemhinnan blir k\u00e4nsligare vilket kan str\u00e4cka sig en bra bit in i amningen. S\u00e5 vad rekommenderar tandl\u00e4karen d\u00e5? Jo, mellanrumsreng\u00f6ring varje dag s\u00e5 klart!<\/p>\n<\/div><\/details>\n\n\n\n<details class=\"wp-block-karopharma-accordion\"><summary><h2 class=\"accordion-title\">Tandkr\u00e4m<\/h2><\/summary><div class=\"accordion-content\">\n<p class=\"is-style-paragraph-body-text\"><strong>Har en ett\u00e5ring med sm\u00e5 risgryn. Borstar f\u00f6r n\u00e4rvarande bara med vatten och mjuk borste. N\u00e4r ska man b\u00f6rja med tandkr\u00e4m?<\/strong><\/p>\n\n\n\n<p>Tandkr\u00e4m kan man b\u00f6rja med n\u00e4r som helst, man ska bara vara noggrann med hur mycket man tar. Jag brukar rekommendera en \u201c\u00e4rtas\u201d storlek. Vuxen- eller barntandkr\u00e4m tycker jag inte spelar n\u00e5gon roll utan det viktiga \u00e4r att barnet gillar smaken. S\u00e5 nu k\u00e4ra f\u00f6r\u00e4ldrar \u00e4r det bara att testa er fram. Tandkr\u00e4m med fluorid tycker jag absolut att man ska ha.<\/p>\n<\/div><\/details>\n\n\n\n<details class=\"wp-block-karopharma-accordion\"><summary><h2 class=\"accordion-title\">Borstningstid<\/h2><\/summary><div class=\"accordion-content\">\n<p class=\"is-style-paragraph-body-text\"><strong>Vi \u00e4r noga med att borsta t\u00e4nderna 2ggr\/dag p\u00e5 v\u00e5r 3-\u00e5ring, men det blir bara cirka 20-30 sekunder per g\u00e5ng. Hur viktigt \u00e4r det att borsta l\u00e4ngre varje g\u00e5ng?<\/strong><\/p>\n\n\n\n<p>Det beror givetvis p\u00e5 om man kommer \u00e5t alla t\u00e4nder p\u00e5 den tiden, men det l\u00e5ter lite kort. Kanske 1 minut \u00e4r l\u00e4mpligt att str\u00e4va efter i alla fall.<\/p>\n<\/div><\/details>\n\n\n\n<details class=\"wp-block-karopharma-accordion\"><summary><h2 class=\"accordion-title\">Munsk\u00f6lj<\/h2><\/summary><div class=\"accordion-content\">\n<p class=\"is-style-paragraph-body-text\"><strong>Det \u00e4r ju ofta reklam p\u00e5 tv f\u00f6r olika munsk\u00f6ljpreparat och de framst\u00e4lls som viktiga och effektiva. Jag undrar vad du som tandl\u00e4kare rekommenderar? Kan de rekommenderas eller g\u00f6r de mer skada \u00e4n nytta?<\/strong><\/p>\n\n\n\n<p>N\u00e4r man som vuxen v\u00e4ljer munsk\u00f6lj anser jag att det viktiga \u00e4r att v\u00e4lja en med natriumfluoridhalt om 0,2%, det ska allts\u00e5 st\u00e5 0,2% NaF p\u00e5 f\u00f6rpackningen. Att sk\u00f6lja med en s\u00e5dan ger en f\u00f6rh\u00f6jande effekt efter tandborstning med fluortandkr\u00e4m. Det kan ocks\u00e5 vara klokt att sprida ut sk\u00f6ljningen och tex anv\u00e4nda den vid annan tidpunkt \u00e4n just tandborstning.<\/p>\n<\/div><\/details>\n<\/div><\/div>\n\n\n\n<div class=\"wp-block-karopharma-free-text pt-small pb-small bg-center bg-cover bg-no-repeat\" style=\"background-image:url()\"><div class=\"free-text-wrapper container max-w-medium text-center\">\n<h3 class=\"wp-block-heading is-style-heading-h3\">Fr\u00e5gor och svar om barn och munv\u00e5rd<\/h3>\n<\/div><\/div>\n\n\n\n<div class=\"wp-block-karopharma-accordions\"><div class=\"container\">\n<details class=\"wp-block-karopharma-accordion\"><summary><h2 class=\"accordion-title\">Dina b\u00e4sta tips hur man b\u00e4st tar hand om barnets t\u00e4nder?<\/h2><\/summary><div class=\"accordion-content\">\n<p>Generella r\u00e5d \u00e4r att f\u00f6rs\u00f6ka begr\u00e4nsa intagen per dag och det h\u00e4r med l\u00f6rdagsgodis \u00e4r en v\u00e4ldigt bra sak. F\u00f6rs\u00f6k \u00e4ven att begr\u00e4nsa intaget av sockerhaltiga drycker som l\u00e4sk och saft och drick vatten ist\u00e4llet. Vad g\u00e4ller badrumsrutinen, s\u00e5 borsta barnet t\u00e4nder 2 g\u00e5nger om dagen d\u00e4r du som f\u00f6r\u00e4lder borstar tills barnen \u00e4r runt 12 \u00e5r. Anv\u00e4nd alltid en fluortandkr\u00e4m och g\u00e4rna en fluoridsk\u00f6lj. Ett tips \u00e4r ocks\u00e5 att \u201ddela upp\u201d fluorkonsumtionen och anv\u00e4nda fluoridsk\u00f6lj efter middagen\/mellis och sedan borsta t\u00e4nderna med fluortandkr\u00e4m innan s\u00e4ngg\u00e5ende.<\/p>\n<\/div><\/details>\n\n\n\n<details class=\"wp-block-karopharma-accordion\"><summary><h2 class=\"accordion-title\">Har du n\u00e5got tips under sj\u00e4lva bes\u00f6ket med barnet?<\/h2><\/summary><div class=\"accordion-content\">\n<p>Det kan vara bra att ta n\u00e5gra steg bak\u00e5t och h\u00e5lla dig i bakgrunden, t ex kan du stanna kvar i v\u00e4ntrummet. Om du som f\u00f6r\u00e4lder g\u00f6r det skapar det en k\u00e4nsla av att barnet inte beh\u00f6ver ditt beskydd d\u00e4r inne, dvs det \u00e4r helt ofarligt. Om du \u00e4r med i behandlingsrummet hj\u00e4lp g\u00e4rna tandl\u00e4karen att f\u00e5 ig\u00e5ng en dialog med ditt barn och l\u00e5t sedan tandl\u00e4karen ta \u00f6ver kontakten med ditt barn.<\/p>\n<\/div><\/details>\n\n\n\n<details class=\"wp-block-karopharma-accordion\"><summary><h2 class=\"accordion-title\">Har du n\u00e5got tips inf\u00f6r ett barns f\u00f6rsta tandl\u00e4karbes\u00f6k?<\/h2><\/summary><div class=\"accordion-content\">\n<p>Absolut. Det b\u00e4sta s\u00e4ttet f\u00f6r att f\u00f6rbereda barn till ett f\u00f6rsta bes\u00f6k \u00e4r att i positiva ordalag f\u00f6rst\u00e4rka det f\u00f6rsta m\u00f6tet. Det kan man g\u00f6ra bland annat genom att samtala kring at r\u00e4kna t\u00e4nder som \u00e4r ett av de f\u00f6rsta momenten som vi g\u00f6r. Det \u00e4r viktigt med vilket ordval du anv\u00e4nder. \u00c4ven om du som f\u00f6r\u00e4lder sj\u00e4lv finner ett obehag att g\u00e5 till tandl\u00e4karen \u00e4r det viktigt at inte f\u00f6ra detta \u00f6ver p\u00e5 ditt barn. Undvik fraser som att barnet \u201dinte ska vara r\u00e4dd\u201d eller att s\u00e4ga att \u201ddet kommer inte g\u00f6ra ont\u201d etc.<\/p>\n<\/div><\/details>\n\n\n\n<details class=\"wp-block-karopharma-accordion\"><summary><h2 class=\"accordion-title\">N\u00e4r kommer tanden?<\/h2><\/summary><div class=\"accordion-content\">\n<p class=\"is-style-paragraph-body-text\"><strong>Min dotter \u00e4r nu lite drygt 2 \u00e5r och har f\u00e5tt 15 t\u00e4nder. De som saknas \u00e4r de 4 sista kindt\u00e4nderna som ska komma vid den h\u00e4r tiden samt en av de andra t\u00e4nderna i \u00f6verk\u00e4ken. Den som \u00e4r nummer 2 p\u00e5 andra sidan finns allts\u00e5. Jag saknar sj\u00e4lv ett par av de permanenta t\u00e4nderna, men hade alla mj\u00f6lkt\u00e4nder. Eftersom hon inte f\u00e5tt den tanden nu, kommer den \u00f6verhuvudtaget att komma?<\/strong><\/p>\n\n\n\n<p>Eftersom du saknar permanenta t\u00e4nder f\u00f6rst\u00e5r jag din oro, det beh\u00f6ver dock inte betyda att din dotter saknar prim\u00e4ra t\u00e4nder (mj\u00f6lkisar). Det kan ibland finnas samband mellan avsaknad av prim\u00e4rer och permanenta, men \u00e4r ytterst ovanligt. Jag tror att mj\u00f6lkisarna kommer om ett tag, men om de inte finns s\u00e5 skulle jag \u00e4nd\u00e5 avvakta n\u00e5gon form av behandling eftersom din dotter fortfarande \u00e4r s\u00e5 liten och utvecklingen r\u00e4ttar till mycket. Jag tror som sagt att de kommer och din dotters tandl\u00e4kare kommer att ta bilder f\u00f6r att se om anlag finns f\u00f6r de permanenta d\u00e5 du upplyser om att du saknar dessa och s\u00e5 f\u00e5r man helt enkelt ta det d\u00e4rifr\u00e5n.<\/p>\n<\/div><\/details>\n\n\n\n<details class=\"wp-block-karopharma-accordion\"><summary><h2 class=\"accordion-title\">D\u00e5lig andedr\u00e4kt<\/h2><\/summary><div class=\"accordion-content\">\n<p class=\"is-style-paragraph-body-text\"><strong>Jag har en dotter p\u00e5 tv\u00e5 \u00e5r och hon har d\u00e5lig andedr\u00e4kt. Vad ska vi g\u00f6ra?<\/strong><\/p>\n\n\n\n<p>Ofta beror den d\u00e5liga andedr\u00e4kten av mj\u00f6lkprodukter eller m\u00f6jligen att barnet \u00e4r f\u00f6rkylt, vilket i dessa tider innan sommaren har kommit \u00e4r ganska vanligt. Se till att borsta t\u00e4nderna ordentligt med fluortandkr\u00e4m.<\/p>\n<\/div><\/details>\n\n\n\n<details class=\"wp-block-karopharma-accordion\"><summary><h2 class=\"accordion-title\">Permanenta t\u00e4nder huller om buller<\/h2><\/summary><div class=\"accordion-content\">\n<p class=\"is-style-paragraph-body-text\"><strong>V\u00e5r dotter \u00e4r nio \u00e5r och flera permanenta t\u00e4nder har allts\u00e5 redan kommit. Hon har otroligt \u201ctr\u00e5ngt\u201d i munnen och t\u00e4nderna kommer \u201chuller om buller\u201d. Kan detta komma att r\u00e4ttas till av sig sj\u00e4lvt? Kommer hon beh\u00f6va tandst\u00e4llning och i s\u00e5 fall, n\u00e4r \u00e4r det l\u00e4mpligt?<\/strong><\/p>\n\n\n\n<p>En ganska vanlig fr\u00e5ga som jag m\u00f6ter ofta. Eftersom er dotter \u00e4r mitt i v\u00e4xelbettet \u00e4r det sv\u00e5rt att sia om hur det kommer att se ut, men det kommer en tillv\u00e4xtspurt snart och det kommer att ge mer plats f\u00f6r hennes permanenta t\u00e4nder. Dock tycker jag att om ni \u00e4r oroliga ska ni kontakta er tandl\u00e4kare s\u00e5 att den konstaterar att alla t\u00e4nder kommer r\u00e4tt osv.<\/p>\n<\/div><\/details>\n\n\n\n<details class=\"wp-block-karopharma-accordion\"><summary><h2 class=\"accordion-title\">Tandtr\u00e5d till barn?<\/h2><\/summary><div class=\"accordion-content\">\n<p class=\"is-style-paragraph-body-text\"><strong>Min son p\u00e5 \u00e5tta \u00e5r har n\u00e5gon slags emaljst\u00f6rning p\u00e5 t\u00e4nderna av ok\u00e4nd anledning. T\u00e4nderna saknar emalj p\u00e5 vissa delar redan n\u00e4r de v\u00e4xer upp. Han anv\u00e4nder fluortabletter och vi f\u00f6rs\u00f6ker vara extra noga med hans t\u00e4nder. Han \u00e4r nu stor nog att kunna hantera tandtr\u00e5d, \u00e4r det ok att anv\u00e4nda f\u00f6r barn?<\/strong><\/p>\n\n\n\n<p>Betr\u00e4ffande barnets \u00e5lder och grundsjukdomen s\u00e5 anser jag att det inte \u00e4r n\u00f6dv\u00e4ndigt med tandtr\u00e5d. D\u00e4remot \u00e4r det av st\u00f6rsta vikt att anv\u00e4nda fluor f\u00f6r att minska risken f\u00f6r karies d\u00e5 den naturliga skyddsbarri\u00e4ren i form av emalj \u00e4r skadad. Sugtabletter eller allra helst sk\u00f6ljning med styrka f\u00f6r barn \u00e4r det b\u00e4sta man kan g\u00f6ra \u2013 och givetvis s\u00e5 lite socker som m\u00f6jligt.<\/p>\n<\/div><\/details>\n\n\n\n<details class=\"wp-block-karopharma-accordion\"><summary><h2 class=\"accordion-title\">Vad ska min 9-\u00e5ring anv\u00e4nda f\u00f6r fluorid?<\/h2><\/summary><div class=\"accordion-content\">\n<p class=\"is-style-paragraph-body-text\"><strong>Var nyligen p\u00e5 kontroll med min 9-\u00e5riga son som tyv\u00e4rr har en del b\u00f6rjan till h\u00e5l. Tandl\u00e4karen rekommenderade att han skulle b\u00f6rja ta fluorid. Gick till apoteket och s\u00e5g att det fanns b\u00e5de tabletter, sk\u00f6lj och tuggummi och dessutom i olika fabrikat. Vilket \u00e4r b\u00e4st och vad ska jag v\u00e4lja? Tacksam f\u00f6r hj\u00e4lp att reda ut begreppen.<\/strong><\/p>\n\n\n\n<p>Sk\u00f6ljning \u00e4r alltid b\u00e4st f\u00f6r d\u00e5 vet man att det kommer dit det ska. Sugtabletter \u00e4r goda och kanske roligare att administrera men det viktiga \u00e4r att det kommer ett fluortillskott dagligen i form av tandkr\u00e4m, minst 2 ggr\/dag, och eventuellt ett tillskott av exempelvis sk\u00f6ljning.<\/p>\n<\/div><\/details>\n\n\n\n<details class=\"wp-block-karopharma-accordion\"><summary><h2 class=\"accordion-title\">Sv\u00e5rt att borsta t\u00e4nderna p\u00e5 v\u00e5r tv\u00e5\u00e5ring<\/h2><\/summary><div class=\"accordion-content\">\n<p class=\"is-style-paragraph-body-text\"><strong>Vi f\u00e5r helt enkelt inte till tandborstrutinen med v\u00e5r tv\u00e5\u00e5riga son trots att vi f\u00f6rs\u00f6kt p\u00e5 alla s\u00e4tt och vis, med bel\u00f6ningar, att l\u00e5ta honom prova sj\u00e4lv f\u00f6rst, att han f\u00e5r borsta t\u00e4nderna p\u00e5 oss, att vi g\u00f6r det tillsammans hela familjen, att vi f\u00f6rs\u00f6ker lirka och \u201cavleda\u201d uppm\u00e4rksamheten till n\u00e5got kul s\u00e5 att han inte l\u00e4gger s\u00e5 mycket fokus p\u00e5 sj\u00e4lva tandborstningen etc, etc. Men INGENTING funkar och nu b\u00f6rjar jag bli orolig f\u00f6r att hans sm\u00e5 t\u00e4nder ska lida av detta. Hur kan vi komma tillr\u00e4tta med detta och slippa det \u201ctrauma\u201d denna dagliga rutin nu inneb\u00e4r? Alla tips mottages tacksamt!<\/strong><\/p>\n\n\n\n<p>Detta problem f\u00e5r alla f\u00f6r\u00e4ldrar f\u00f6rr eller senare och dilemmat \u00e4r att man inte vill g\u00f6ra illa sin lilla pilt, men tyv\u00e4rr det finns inga direkta genv\u00e4gar. Det viktiga \u00e4r att man bygger rutiner kring det hela och att inte l\u00e5ta som i ditt fall gossen \u201cvinna\u201d. Jag tycker att du verkar vara inne p\u00e5 r\u00e4tt linje med att lirka, avleda osv. Det \u00e4r bara att forts\u00e4tta s\u00e5 kommer det att funka. Fasta rutiner \u00e4r l\u00f6sningen, exempelvis efter bad, innan s\u00e4ngg\u00e5ng eller annat som passar er.<\/p>\n<\/div><\/details>\n\n\n\n<details class=\"wp-block-karopharma-accordion\"><summary><h2 class=\"accordion-title\">V\u00e5r son gnisslar t\u00e4nder<\/h2><\/summary><div class=\"accordion-content\">\n<p class=\"is-style-paragraph-body-text\"><strong>V\u00e5r son som nyss har fyllt 1 \u00e5r gnisslar t\u00e4nder j\u00e4ttemycket. Han fick tv\u00e5 t\u00e4nder i underk\u00e4ken n\u00e4r han var cirka 10 m\u00e5nader och tv\u00e5 t\u00e4nder i \u00f6verk\u00e4ken kom f\u00f6r ett par veckor sedan, n\u00e4r han var drygt 11 m\u00e5nader. Han gnisslar t\u00e4nderna och biter ihop k\u00e4ken s\u00e5 h\u00e5rt att det h\u00f6rs ordentligt, dagtid! Han sover i eget rum, s\u00e5 vi har inte h\u00f6rt om han gnisslar t\u00e4nderna \u00e4ven p\u00e5 natten. I \u00f6vrigt \u00e4r han en v\u00e4lm\u00e5ende kille som v\u00e4xer och utvecklas normalt. Kan hans dagliga gnisslingar vara skadliga? Kan vi hj\u00e4lpa honom att slappna av i k\u00e4karna? Beror det p\u00e5 att hans t\u00e4nder fortfarande \u00e4r s\u00e5 pass nya och kliar? Tacksam f\u00f6r svar.<\/strong><\/p>\n\n\n\n<p>Tack f\u00f6r din fr\u00e5ga. Du beh\u00f6ver inte oroa dig. Under tiden som barns t\u00e4nder utvecklas \u00e4r det inte ovanligt att de \u201cgnisslar\u201d. Detta sker f\u00f6r att t\u00e4nderna fysiologiskt skall hamna \u201cp\u00e5 r\u00e4tt plats\u201d och anpassas till bettet. Detta kan \u00e5terkomma n\u00e4r barnet senare byter mj\u00f6lkt\u00e4nder till permanenta t\u00e4nder av samma sk\u00e4l. Forts\u00e4tter problematiken i vuxen \u00e5lder kan det eventuellt vara aktuellt med en bettskena.<\/p>\n<\/div><\/details>\n<\/div><\/div>\n","protected":false},"excerpt":{"rendered":"","protected":false},"author":2,"featured_media":0,"parent":0,"menu_order":0,"comment_status":"closed","ping_status":"closed","template":"","meta":{"_acf_changed":false,"footnotes":""},"from-article-database":[],"class_list":["post-40","page","type-page","status-publish","hentry"],"acf":[],"yoast_head":"<!-- This site is optimized with the Yoast SEO plugin v26.6 - https:\/\/yoast.com\/wordpress\/plugins\/seo\/ -->\n<title>Fr\u00e5gor &amp; Svar - Flux<\/title>\n<meta name=\"description\" content=\"Se dom vanligaste fr\u00e5gorna och svaren fr\u00e5n Leg. tandl\u00e4kare Perry Karlsson och Leg. Tandhygienist Anna-Karin Karlsson.\" \/>\n<meta name=\"robots\" content=\"index, follow, max-snippet:-1, max-image-preview:large, max-video-preview:-1\" \/>\n<link rel=\"canonical\" href=\"https:\/\/fluxfluor.com\/se\/fragor-svar\/\" \/>\n<meta property=\"og:locale\" content=\"sv_SE\" \/>\n<meta property=\"og:type\" content=\"article\" \/>\n<meta property=\"og:title\" content=\"Fr\u00e5gor &amp; Svar - Flux\" \/>\n<meta property=\"og:description\" content=\"Se dom vanligaste fr\u00e5gorna och svaren fr\u00e5n Leg. tandl\u00e4kare Perry Karlsson och Leg. Tandhygienist Anna-Karin Karlsson.\" \/>\n<meta property=\"og:url\" content=\"https:\/\/fluxfluor.com\/se\/fragor-svar\/\" \/>\n<meta property=\"og:site_name\" content=\"Flux\" \/>\n<meta property=\"article:modified_time\" content=\"2025-03-05T10:51:36+00:00\" \/>\n<meta property=\"og:image\" content=\"https:\/\/fluxfluor.com\/app\/uploads\/sites\/2\/2022\/06\/perry-karlsson.jpg\" \/>\n\t<meta property=\"og:image:width\" content=\"313\" \/>\n\t<meta property=\"og:image:height\" content=\"313\" \/>\n\t<meta property=\"og:image:type\" content=\"image\/jpeg\" \/>\n<meta name=\"twitter:card\" content=\"summary_large_image\" \/>\n<meta name=\"twitter:label1\" content=\"Ber\u00e4knad l\u00e4stid\" \/>\n\t<meta name=\"twitter:data1\" content=\"19 minuter\" \/>\n<script type=\"application\/ld+json\" class=\"yoast-schema-graph\">{\"@context\":\"https:\/\/schema.org\",\"@graph\":[{\"@type\":\"WebPage\",\"@id\":\"https:\/\/fluxfluor.com\/se\/fragor-svar\/\",\"url\":\"https:\/\/fluxfluor.com\/se\/fragor-svar\/\",\"name\":\"Fr\u00e5gor & Svar - Flux\",\"isPartOf\":{\"@id\":\"https:\/\/fluxfluor.com\/se\/#website\"},\"primaryImageOfPage\":{\"@id\":\"https:\/\/fluxfluor.com\/se\/fragor-svar\/#primaryimage\"},\"image\":{\"@id\":\"https:\/\/fluxfluor.com\/se\/fragor-svar\/#primaryimage\"},\"thumbnailUrl\":\"https:\/\/fluxfluor.com\/app\/uploads\/sites\/2\/2022\/06\/perry-karlsson.jpg\",\"datePublished\":\"2022-06-15T05:28:50+00:00\",\"dateModified\":\"2025-03-05T10:51:36+00:00\",\"description\":\"Se dom vanligaste fr\u00e5gorna och svaren fr\u00e5n Leg. tandl\u00e4kare Perry Karlsson och Leg. Tandhygienist Anna-Karin Karlsson.\",\"breadcrumb\":{\"@id\":\"https:\/\/fluxfluor.com\/se\/fragor-svar\/#breadcrumb\"},\"inLanguage\":\"sv-SE\",\"potentialAction\":[{\"@type\":\"ReadAction\",\"target\":[\"https:\/\/fluxfluor.com\/se\/fragor-svar\/\"]}]},{\"@type\":\"ImageObject\",\"inLanguage\":\"sv-SE\",\"@id\":\"https:\/\/fluxfluor.com\/se\/fragor-svar\/#primaryimage\",\"url\":\"https:\/\/fluxfluor.com\/app\/uploads\/sites\/2\/2022\/06\/perry-karlsson.jpg\",\"contentUrl\":\"https:\/\/fluxfluor.com\/app\/uploads\/sites\/2\/2022\/06\/perry-karlsson.jpg\"},{\"@type\":\"BreadcrumbList\",\"@id\":\"https:\/\/fluxfluor.com\/se\/fragor-svar\/#breadcrumb\",\"itemListElement\":[{\"@type\":\"ListItem\",\"position\":1,\"name\":\"Home\",\"item\":\"https:\/\/fluxfluor.com\/se\/\"},{\"@type\":\"ListItem\",\"position\":2,\"name\":\"Fr\u00e5gor &#038; Svar\"}]},{\"@type\":\"WebSite\",\"@id\":\"https:\/\/fluxfluor.com\/se\/#website\",\"url\":\"https:\/\/fluxfluor.com\/se\/\",\"name\":\"Flux\",\"description\":\"\",\"publisher\":{\"@id\":\"https:\/\/fluxfluor.com\/se\/#organization\"},\"potentialAction\":[{\"@type\":\"SearchAction\",\"target\":{\"@type\":\"EntryPoint\",\"urlTemplate\":\"https:\/\/fluxfluor.com\/se\/?s={search_term_string}\"},\"query-input\":{\"@type\":\"PropertyValueSpecification\",\"valueRequired\":true,\"valueName\":\"search_term_string\"}}],\"inLanguage\":\"sv-SE\"},{\"@type\":\"Organization\",\"@id\":\"https:\/\/fluxfluor.com\/se\/#organization\",\"name\":\"Flux\",\"url\":\"https:\/\/fluxfluor.com\/se\/\",\"logo\":{\"@type\":\"ImageObject\",\"inLanguage\":\"sv-SE\",\"@id\":\"https:\/\/fluxfluor.com\/se\/#\/schema\/logo\/image\/\",\"url\":\"https:\/\/fluxfluor.com\/app\/uploads\/sites\/2\/2022\/06\/flux-logotype.png\",\"contentUrl\":\"https:\/\/fluxfluor.com\/app\/uploads\/sites\/2\/2022\/06\/flux-logotype.png\",\"width\":130,\"height\":32,\"caption\":\"Flux\"},\"image\":{\"@id\":\"https:\/\/fluxfluor.com\/se\/#\/schema\/logo\/image\/\"}}]}<\/script>\n<!-- \/ Yoast SEO plugin. -->","yoast_head_json":{"title":"Fr\u00e5gor & Svar - Flux","description":"Se dom vanligaste fr\u00e5gorna och svaren fr\u00e5n Leg. tandl\u00e4kare Perry Karlsson och Leg. Tandhygienist Anna-Karin Karlsson.","robots":{"index":"index","follow":"follow","max-snippet":"max-snippet:-1","max-image-preview":"max-image-preview:large","max-video-preview":"max-video-preview:-1"},"canonical":"https:\/\/fluxfluor.com\/se\/fragor-svar\/","og_locale":"sv_SE","og_type":"article","og_title":"Fr\u00e5gor & Svar - Flux","og_description":"Se dom vanligaste fr\u00e5gorna och svaren fr\u00e5n Leg. tandl\u00e4kare Perry Karlsson och Leg. Tandhygienist Anna-Karin Karlsson.","og_url":"https:\/\/fluxfluor.com\/se\/fragor-svar\/","og_site_name":"Flux","article_modified_time":"2025-03-05T10:51:36+00:00","og_image":[{"width":313,"height":313,"url":"https:\/\/fluxfluor.com\/app\/uploads\/sites\/2\/2022\/06\/perry-karlsson.jpg","type":"image\/jpeg"}],"twitter_card":"summary_large_image","twitter_misc":{"Ber\u00e4knad l\u00e4stid":"19 minuter"},"schema":{"@context":"https:\/\/schema.org","@graph":[{"@type":"WebPage","@id":"https:\/\/fluxfluor.com\/se\/fragor-svar\/","url":"https:\/\/fluxfluor.com\/se\/fragor-svar\/","name":"Fr\u00e5gor & Svar - Flux","isPartOf":{"@id":"https:\/\/fluxfluor.com\/se\/#website"},"primaryImageOfPage":{"@id":"https:\/\/fluxfluor.com\/se\/fragor-svar\/#primaryimage"},"image":{"@id":"https:\/\/fluxfluor.com\/se\/fragor-svar\/#primaryimage"},"thumbnailUrl":"https:\/\/fluxfluor.com\/app\/uploads\/sites\/2\/2022\/06\/perry-karlsson.jpg","datePublished":"2022-06-15T05:28:50+00:00","dateModified":"2025-03-05T10:51:36+00:00","description":"Se dom vanligaste fr\u00e5gorna och svaren fr\u00e5n Leg. tandl\u00e4kare Perry Karlsson och Leg. Tandhygienist Anna-Karin Karlsson.","breadcrumb":{"@id":"https:\/\/fluxfluor.com\/se\/fragor-svar\/#breadcrumb"},"inLanguage":"sv-SE","potentialAction":[{"@type":"ReadAction","target":["https:\/\/fluxfluor.com\/se\/fragor-svar\/"]}]},{"@type":"ImageObject","inLanguage":"sv-SE","@id":"https:\/\/fluxfluor.com\/se\/fragor-svar\/#primaryimage","url":"https:\/\/fluxfluor.com\/app\/uploads\/sites\/2\/2022\/06\/perry-karlsson.jpg","contentUrl":"https:\/\/fluxfluor.com\/app\/uploads\/sites\/2\/2022\/06\/perry-karlsson.jpg"},{"@type":"BreadcrumbList","@id":"https:\/\/fluxfluor.com\/se\/fragor-svar\/#breadcrumb","itemListElement":[{"@type":"ListItem","position":1,"name":"Home","item":"https:\/\/fluxfluor.com\/se\/"},{"@type":"ListItem","position":2,"name":"Fr\u00e5gor &#038; Svar"}]},{"@type":"WebSite","@id":"https:\/\/fluxfluor.com\/se\/#website","url":"https:\/\/fluxfluor.com\/se\/","name":"Flux","description":"","publisher":{"@id":"https:\/\/fluxfluor.com\/se\/#organization"},"potentialAction":[{"@type":"SearchAction","target":{"@type":"EntryPoint","urlTemplate":"https:\/\/fluxfluor.com\/se\/?s={search_term_string}"},"query-input":{"@type":"PropertyValueSpecification","valueRequired":true,"valueName":"search_term_string"}}],"inLanguage":"sv-SE"},{"@type":"Organization","@id":"https:\/\/fluxfluor.com\/se\/#organization","name":"Flux","url":"https:\/\/fluxfluor.com\/se\/","logo":{"@type":"ImageObject","inLanguage":"sv-SE","@id":"https:\/\/fluxfluor.com\/se\/#\/schema\/logo\/image\/","url":"https:\/\/fluxfluor.com\/app\/uploads\/sites\/2\/2022\/06\/flux-logotype.png","contentUrl":"https:\/\/fluxfluor.com\/app\/uploads\/sites\/2\/2022\/06\/flux-logotype.png","width":130,"height":32,"caption":"Flux"},"image":{"@id":"https:\/\/fluxfluor.com\/se\/#\/schema\/logo\/image\/"}}]}},"_links":{"self":[{"href":"https:\/\/fluxfluor.com\/se\/wp-json\/wp\/v2\/pages\/40","targetHints":{"allow":["GET"]}}],"collection":[{"href":"https:\/\/fluxfluor.com\/se\/wp-json\/wp\/v2\/pages"}],"about":[{"href":"https:\/\/fluxfluor.com\/se\/wp-json\/wp\/v2\/types\/page"}],"author":[{"embeddable":true,"href":"https:\/\/fluxfluor.com\/se\/wp-json\/wp\/v2\/users\/2"}],"replies":[{"embeddable":true,"href":"https:\/\/fluxfluor.com\/se\/wp-json\/wp\/v2\/comments?post=40"}],"version-history":[{"count":10,"href":"https:\/\/fluxfluor.com\/se\/wp-json\/wp\/v2\/pages\/40\/revisions"}],"predecessor-version":[{"id":1335,"href":"https:\/\/fluxfluor.com\/se\/wp-json\/wp\/v2\/pages\/40\/revisions\/1335"}],"wp:attachment":[{"href":"https:\/\/fluxfluor.com\/se\/wp-json\/wp\/v2\/media?parent=40"}],"wp:term":[{"taxonomy":"from-article-database","embeddable":true,"href":"https:\/\/fluxfluor.com\/se\/wp-json\/wp\/v2\/from-article-database?post=40"}],"curies":[{"name":"wp","href":"https:\/\/api.w.org\/{rel}","templated":true}]}}